{"id":681,"date":"2025-03-13T14:03:18","date_gmt":"2025-03-13T13:03:18","guid":{"rendered":"https:\/\/songesdebene.fr\/?post_type=product&#038;p=681"},"modified":"2026-02-04T17:56:03","modified_gmt":"2026-02-04T16:56:03","slug":"calendrier-perpetuel-en-bois-massif","status":"publish","type":"product","link":"http:\/\/songesdebene.fr\/index.php\/produit\/calendrier-perpetuel-en-bois-massif\/","title":{"rendered":"Calendrier perp\u00e9tuel en bois massif"},"content":{"rendered":"<p>Ce calendrier perp\u00e9tuel 100% en ch\u00eane (cubes) et ch\u00e2taignier massif (le reste) offre, par la combinaison de ses \u00e9l\u00e9ments, la possibilit\u00e9 d&rsquo;afficher n&rsquo;importe quelle date : num\u00e9ro du jour et mois.<br \/>\nIl est <strong>fabriqu\u00e9 \u00e0 la main<\/strong>, dans mon atelier de Saint-Laurent-sur-Gorre (87 &#8211; France).<br \/>\nSon d\u00e9cor de for\u00eat de sapins \u00e9voque la montagne, ou les f\u00eates de fin d&rsquo;ann\u00e9e. La gravure est faite au laser, \u00e9l\u00e9ment par \u00e9l\u00e9ment, et la finition est uniquement \u00e0 l&rsquo;huile de lin fran\u00e7aise, sans aucun additif. Il s&rsquo;agit donc d&rsquo;un objet sain, que l&rsquo;on peut disposer n&rsquo;importe o\u00f9, et sans risque pour la sant\u00e9. Ce qui en fait aussi un compagnon id\u00e9al pour l&rsquo;apprentissage des dates par les enfants, ou simplement un jeu pour eux.<br \/>\nVeuillez noter que le bois massif (issu des for\u00eats du Limousin) pr\u00e9sente un aspect qui varie avec chaque pi\u00e8ce, dans la couleur et dans le veinage, et que la d\u00e9coupe \u00e9tant faite \u00e0 la main, les sapins peuvent \u00eatre l\u00e9g\u00e8rement diff\u00e9rents d&rsquo;un exemplaire \u00e0 l&rsquo;autre.<br \/>\nLes dimensions sont d&rsquo;environ 85mm de large, 115mm de haut, et 40mm de profondeur.<\/p>\n<p><a href=\"https:\/\/www.instagram.com\/p\/DBV40AhOZ2Q\/?utm_source=ig_web_copy_link&amp;igsh=MzRlODBiNWFlZA==\">Images sur Instagram.<\/a><\/p>\n","protected":false},"excerpt":{"rendered":"<p>Ce calendrier perp\u00e9tuel 100% en ch\u00eane (cubes) et ch\u00e2taignier massif (le reste) offre, par la combinaison de ses \u00e9l\u00e9ments, la possibilit\u00e9 d&rsquo;afficher n&rsquo;importe quelle date : num\u00e9ro du jour et mois.<\/p>\n<p><a href=\"https:\/\/www.instagram.com\/p\/DBV40AhOZ2Q\/?utm_source=ig_web_copy_link&amp;igsh=MzRlODBiNWFlZA==\">Images sur Instagram.<\/a><\/p>\n","protected":false},"featured_media":686,"comment_status":"open","ping_status":"closed","template":"","meta":[],"product_brand":[],"product_cat":[30],"product_tag":[],"class_list":{"0":"post-681","1":"product","2":"type-product","3":"status-publish","4":"has-post-thumbnail","6":"product_cat-decoration-interieure","7":"product_shipping_class-petit_objet","9":"first","10":"instock","11":"shipping-taxable","12":"purchasable","13":"product-type-simple"},"_links":{"self":[{"href":"http:\/\/songesdebene.fr\/index.php\/wp-json\/wp\/v2\/product\/681","targetHints":{"allow":["GET"]}}],"collection":[{"href":"http:\/\/songesdebene.fr\/index.php\/wp-json\/wp\/v2\/product"}],"about":[{"href":"http:\/\/songesdebene.fr\/index.php\/wp-json\/wp\/v2\/types\/product"}],"replies":[{"embeddable":true,"href":"http:\/\/songesdebene.fr\/index.php\/wp-json\/wp\/v2\/comments?post=681"}],"wp:featuredmedia":[{"embeddable":true,"href":"http:\/\/songesdebene.fr\/index.php\/wp-json\/wp\/v2\/media\/686"}],"wp:attachment":[{"href":"http:\/\/songesdebene.fr\/index.php\/wp-json\/wp\/v2\/media?parent=681"}],"wp:term":[{"taxonomy":"product_brand","embeddable":true,"href":"http:\/\/songesdebene.fr\/index.php\/wp-json\/wp\/v2\/product_brand?post=681"},{"taxonomy":"product_cat","embeddable":true,"href":"http:\/\/songesdebene.fr\/index.php\/wp-json\/wp\/v2\/product_cat?post=681"},{"taxonomy":"product_tag","embeddable":true,"href":"http:\/\/songesdebene.fr\/index.php\/wp-json\/wp\/v2\/product_tag?post=681"}],"curies":[{"name":"wp","href":"https:\/\/api.w.org\/{rel}","templated":true}]}}